{"id":99,"date":"2023-10-18T10:33:17","date_gmt":"2023-10-18T10:33:17","guid":{"rendered":"https:\/\/rw-hengste.de\/?page_id=99"},"modified":"2023-11-03T09:06:38","modified_gmt":"2023-11-03T09:06:38","slug":"bystro","status":"publish","type":"page","link":"https:\/\/rw-hengste.de\/?page_id=99","title":{"rendered":"Bystro"},"content":{"rendered":"\n<p><\/p>\n\n\n\n<p><a rel=\"noreferrer noopener\" href=\"http:\/\/service.vit.de\/pferd_praesentation\/Front?keyPFID=09UT59811&amp;verband=09&amp;anzeigezweck=Hengstverteilungsplan&amp;sshw=7dbd022b82137b3e4cd3f7dfc272b20c&amp;sprache=&amp;L=0&amp;seite=HvpDetailResponsive&amp;sessionh=97b8863fe2d1a6421bf6ef4814bc143e&amp;aktion=FachobjektAnzeigen&amp;kontext=Pferd\" data-type=\"link\" data-id=\"http:\/\/service.vit.de\/pferd_praesentation\/Front?keyPFID=09UT59811&amp;verband=09&amp;anzeigezweck=Hengstverteilungsplan&amp;sshw=7dbd022b82137b3e4cd3f7dfc272b20c&amp;sprache=&amp;L=0&amp;seite=HvpDetailResponsive&amp;sessionh=97b8863fe2d1a6421bf6ef4814bc143e&amp;aktion=FachobjektAnzeigen&amp;kontext=Pferd\" target=\"_blank\">Link zur Bystros Seite im Online Hengstverteilungsplan mit detailliertem Pedigree<\/a><\/p>\n\n\n\n<h2 class=\"wp-block-heading\">Bystros Karriere<\/h2>\n\n\n\n<p>Bystro betrat die z\u00fcchterische B\u00fchne zur Trakehner Hauptk\u00f6rung in 2013 K\u00f6rung und verlie\u00df diese &#8211; obwohl  noch sehr jugendlich und schmal im K\u00f6rper &#8211; mit dem begehrten K\u00f6rpr\u00e4dikat. Er bestach schon damals mit seinem Wesen und erledigte seine Aufgaben abgekl\u00e4rt, wobei er mit sicherem Takt bei gro\u00dfer Bewegung punktete. Er reifte perfekt in seinen gro\u00dfen Rahmen und feierte Vier- und f\u00fcnfj\u00e4hrig einige Siege und Platzierungen in Reitpferde- und Dressurpferdepr\u00fcfungen.<\/p>\n\n\n\n<p>2016 absolvierte er seinen 50 Tage Test mit guter ausgeglichener Benotung, wobei auch hier erneut sein Interieur herausstach: 9,5 f\u00fcr den Charakter, 9,25 f\u00fcrs Interieur und 9,0 f\u00fcr seine Leistungsbereitschaft. <\/p>\n\n\n\n<h2 class=\"wp-block-heading\"><br>Aus einer Leistungsdynastie stammend<\/h2>\n\n\n\n<p>Bystro entstammt einer der sporterfolgreichsten wenn nicht sogar DER sporterfolgreichsten Stutenfamilie der Trakehner Gesamtzucht. Dieser Zweig der O344 Sylvia, der im Hause Mittermeyer gepflegt wird, nimmt in seiner Sportlichkeit sicher ein Alleinstellungsmerkmal ein. Um nur einige Vertreter mit Elchschaufel aus dieser Familie zu nennen, w\u00e4ren da die S-Springpferde Brenner (von Halali), Braveur (von Mahagoni) sowie Balisto Z, Budweiser Classic und Becket jeweils von Suchard \u2013 dem ersten Trakehner in der Geschichte der f\u00fcr die Zangersheidener Springpferdezucht zugelassen wurde. Sein Sohn Balisto Z folgte ihm sp\u00e4ter.<\/p>\n\n\n\n<p>Basmati und Bisazza, beide von Grafenstolz \u2013 hocherfolgreich in 4* und 3* Vielseitigkeitspr\u00fcfungen und last but not least die Dressurcracks Brancusi TSF, Bezard und Balsamico, der noch in 2022 \u00fcberragende Leistungen auf der EM der jungen Dressurreiter brachte. Brancusi, wurde 2012 und 2013 Trakehner Reitpferdechampion und wenig sp\u00e4ter Vizebundeschampion der vierj\u00e4hrigen Reitpferde in Warendorf. Auch Bezard war Finalist beim Bundesdeutschen Gipfeltreffen der Nachwuchspferde. <\/p>\n\n\n\n<p>Biennale von High Motion TSF, die dreij\u00e4hrig \u00fcber die Reitpferdekollektion in Neum\u00fcnster 2023 in neuen Besitz wechselte, vertrat die Familie w\u00fcrdig im Finale des Bundeschampionates 2023.<\/p>\n\n\n\n<p>Aus der Oldenburger Landespferdezucht stammt der Hengst Donavan, von Diamond Hit, aus der Gro\u00dfmutter von Bystro gezogen, wurde er Pr\u00e4mienhengst, Rekord \u2013 HLP Sieger und Bundeschampion. <\/p>\n\n\n\n<p>Vater All Inclusive, bereits in jungen Jahren mit dem Elitetitel geadelt, verbindet Eigenleistung im schweren Dressursport und Vererbungsleistung auf das Vortrefflichste, als Sohn des gro\u00dfen Gribaldi, vertritt er die derzeit erfolgreichste Trakehner Hengstfamilie und schaut auch bereits auf eine erquickliche Anzahl sporterfolgreicher Nachkommen.<\/p>\n\n\n\n<figure class=\"wp-block-image size-large\"><img data-recalc-dims=\"1\" loading=\"lazy\" decoding=\"async\" width=\"780\" height=\"585\" src=\"https:\/\/i0.wp.com\/rw-hengste.de\/wp-content\/uploads\/2023\/10\/rw.jpg?resize=780%2C585&#038;ssl=1\" alt=\"\" class=\"wp-image-65\" srcset=\"https:\/\/i0.wp.com\/rw-hengste.de\/wp-content\/uploads\/2023\/10\/rw.jpg?resize=1024%2C768&amp;ssl=1 1024w, https:\/\/i0.wp.com\/rw-hengste.de\/wp-content\/uploads\/2023\/10\/rw.jpg?resize=300%2C225&amp;ssl=1 300w, https:\/\/i0.wp.com\/rw-hengste.de\/wp-content\/uploads\/2023\/10\/rw.jpg?resize=768%2C576&amp;ssl=1 768w, https:\/\/i0.wp.com\/rw-hengste.de\/wp-content\/uploads\/2023\/10\/rw.jpg?resize=1536%2C1152&amp;ssl=1 1536w, https:\/\/i0.wp.com\/rw-hengste.de\/wp-content\/uploads\/2023\/10\/rw.jpg?w=1600&amp;ssl=1 1600w\" sizes=\"auto, (max-width: 780px) 100vw, 780px\" \/><\/figure>\n\n\n\n<h2 class=\"wp-block-heading\">Bystro aktuell<\/h2>\n\n\n\n<p>Wie der ehemalige Ehrenvorsitzende des Trakehner Verbandes, Gottfried Hoogen, gerne dozierte: &#8222;Sie m\u00fcssen es nicht nur k\u00f6nnen, sie m\u00fcssen es auch wollen!&#8220; &#8211; Bystro will immer und so bekam er neben dem Titel des &#8222;Mustersch\u00fclers&#8220; auch schnell den von &#8222;Mamas Liebling&#8220;. Gemeinsam mit Renate hat er zwischenzeitlich die Klasse M** erreicht, tritt aber so ganz in Amateurberitt nur selten ins Rampenlicht.<\/p>\n\n\n\n<h2 class=\"wp-block-heading\">Was Bystros Menschen \u00fcber ihn sagen:<\/h2>\n\n\n\n<div class=\"wp-block-columns is-layout-flex wp-container-core-columns-is-layout-9d6595d7 wp-block-columns-is-layout-flex\">\n<div class=\"wp-block-column is-layout-flow wp-block-column-is-layout-flow\">\n<blockquote class=\"wp-block-quote is-layout-flow wp-block-quote-is-layout-flow\">\n<p>Bystro zeigt sich immer aufgeschlossen und umg\u00e4nglich, leistungsbereit und lernfreudig. Es bereitet t\u00e4glich Freude mit diesem Hengst umzugehen.<\/p>\n<cite>Gerard Geling, Hengststation Geling<\/cite><\/blockquote>\n<\/div>\n\n\n\n<div class=\"wp-block-column is-layout-flow wp-block-column-is-layout-flow\">\n<blockquote class=\"wp-block-quote is-layout-flow wp-block-quote-is-layout-flow\">\n<p><\/p>\n<\/blockquote>\n<\/div>\n<\/div>\n\n\n\n<h2 class=\"wp-block-heading\">Bystros Agent \ud83d\ude42<\/h2>\n\n\n\n<p>Sie m\u00f6chten Bystro gerne z\u00fcchterisch nutzen? \u2013 Bitte wenden Sie sich&nbsp;<a rel=\"noreferrer noopener\" href=\"https:\/\/www.hengststation-geling.de\/hengste\/bystro\/\" target=\"_blank\">HIER<\/a>&nbsp;hin.<\/p>\n","protected":false},"excerpt":{"rendered":"<p>Link zur Bystros Seite im Online Hengstverteilungsplan mit detailliertem Pedigree Bystros Karriere Bystro betrat die z\u00fcchterische B\u00fchne zur Trakehner Hauptk\u00f6rung in 2013 K\u00f6rung und verlie\u00df diese &#8211; obwohl noch sehr jugendlich und schmal im K\u00f6rper &#8211; mit dem begehrten K\u00f6rpr\u00e4dikat. Er bestach schon damals mit seinem Wesen und erledigte seine Aufgaben abgekl\u00e4rt, wobei er mit <a class=\"more-link\" href=\"https:\/\/rw-hengste.de\/?page_id=99\">Weiterlesen&#8230;<\/a><\/p>\n","protected":false},"author":1,"featured_media":139,"parent":82,"menu_order":1,"comment_status":"closed","ping_status":"closed","template":"","meta":{"footnotes":""},"class_list":["post-99","page","type-page","status-publish","has-post-thumbnail","hentry"],"jetpack_sharing_enabled":true,"_links":{"self":[{"href":"https:\/\/rw-hengste.de\/index.php?rest_route=\/wp\/v2\/pages\/99","targetHints":{"allow":["GET"]}}],"collection":[{"href":"https:\/\/rw-hengste.de\/index.php?rest_route=\/wp\/v2\/pages"}],"about":[{"href":"https:\/\/rw-hengste.de\/index.php?rest_route=\/wp\/v2\/types\/page"}],"author":[{"embeddable":true,"href":"https:\/\/rw-hengste.de\/index.php?rest_route=\/wp\/v2\/users\/1"}],"replies":[{"embeddable":true,"href":"https:\/\/rw-hengste.de\/index.php?rest_route=%2Fwp%2Fv2%2Fcomments&post=99"}],"version-history":[{"count":11,"href":"https:\/\/rw-hengste.de\/index.php?rest_route=\/wp\/v2\/pages\/99\/revisions"}],"predecessor-version":[{"id":358,"href":"https:\/\/rw-hengste.de\/index.php?rest_route=\/wp\/v2\/pages\/99\/revisions\/358"}],"up":[{"embeddable":true,"href":"https:\/\/rw-hengste.de\/index.php?rest_route=\/wp\/v2\/pages\/82"}],"wp:featuredmedia":[{"embeddable":true,"href":"https:\/\/rw-hengste.de\/index.php?rest_route=\/wp\/v2\/media\/139"}],"wp:attachment":[{"href":"https:\/\/rw-hengste.de\/index.php?rest_route=%2Fwp%2Fv2%2Fmedia&parent=99"}],"curies":[{"name":"wp","href":"https:\/\/api.w.org\/{rel}","templated":true}]}}